{"id":12,"date":"2014-03-15T13:47:30","date_gmt":"2014-03-15T11:47:30","guid":{"rendered":"http:\/\/hojas.co.at\/blog\/?page_id=12"},"modified":"2025-05-21T08:28:03","modified_gmt":"2025-05-21T06:28:03","slug":"impressum","status":"publish","type":"page","link":"http:\/\/hojas.co.at\/blog\/impressum\/","title":{"rendered":"\u00a0Home"},"content":{"rendered":"<h3>Ein Netzwrk f\u00fcr Menschen mit Behinderung. Haupts\u00e4chlich f\u00fcr Blinde und Sehbehinderte Menschen in Linz, Ober\u00f6sterreich, \u00d6sterreich.<\/h3>\n<h3><strong>Gerhard Hojas<br \/>\n<\/strong><\/h3>\n<h3>Horvathweg 12<\/h3>\n<h3>A &#8211; 4030 Linz \/ Ebelsberg<\/h3>\n<h3>eMail: <a href=\"mailto:gerhard.hojas@sozial-netz.com\" target=\"_blank\" rel=\"noopener noreferrer\">gerhard.hojas@sozial-netz.com<\/a><\/h3>\n<h3>Telefon: +43 664 548 4 652<\/h3>\n<h3><strong><a href=\"https:\/\/www.facebook.com\/profile.php?id=1798185567\">Facebook<\/a> &amp; <a href=\"https:\/\/www.facebook.com\/hojager\/?ref=aymt_homepage_panel\">Blindbook<\/a><\/strong><\/h3>\n<p>&nbsp;<\/p>\n<p>&nbsp;<\/p>\n<p>&nbsp;<\/p>\n","protected":false},"excerpt":{"rendered":"<p>Ein Netzwrk f\u00fcr Menschen mit Behinderung. Haupts\u00e4chlich f\u00fcr Blinde und Sehbehinderte Menschen in Linz, Ober\u00f6sterreich, \u00d6sterreich. Gerhard Hojas Horvathweg 12 A &#8211; 4030 Linz \/ Ebelsberg eMail: gerhard.hojas@sozial-netz.com Telefon: +43&#8230; <a class=\"read-more-button\" href=\"http:\/\/hojas.co.at\/blog\/impressum\/\">Lesen Sie mehr &gt;<\/a><\/p>\n","protected":false},"author":1,"featured_media":0,"parent":0,"menu_order":0,"comment_status":"open","ping_status":"closed","template":"","meta":{"spay_email":""},"jetpack_sharing_enabled":true,"jetpack_shortlink":"https:\/\/wp.me\/PawkJb-c","_links":{"self":[{"href":"http:\/\/hojas.co.at\/blog\/wp-json\/wp\/v2\/pages\/12"}],"collection":[{"href":"http:\/\/hojas.co.at\/blog\/wp-json\/wp\/v2\/pages"}],"about":[{"href":"http:\/\/hojas.co.at\/blog\/wp-json\/wp\/v2\/types\/page"}],"author":[{"embeddable":true,"href":"http:\/\/hojas.co.at\/blog\/wp-json\/wp\/v2\/users\/1"}],"replies":[{"embeddable":true,"href":"http:\/\/hojas.co.at\/blog\/wp-json\/wp\/v2\/comments?post=12"}],"version-history":[{"count":15,"href":"http:\/\/hojas.co.at\/blog\/wp-json\/wp\/v2\/pages\/12\/revisions"}],"predecessor-version":[{"id":2037,"href":"http:\/\/hojas.co.at\/blog\/wp-json\/wp\/v2\/pages\/12\/revisions\/2037"}],"wp:attachment":[{"href":"http:\/\/hojas.co.at\/blog\/wp-json\/wp\/v2\/media?parent=12"}],"curies":[{"name":"wp","href":"https:\/\/api.w.org\/{rel}","templated":true}]}}