{"id":1205,"date":"2018-06-13T21:45:36","date_gmt":"2018-06-13T19:45:36","guid":{"rendered":"http:\/\/hojas.co.at\/blog\/?page_id=1205"},"modified":"2025-03-09T11:08:57","modified_gmt":"2025-03-09T09:08:57","slug":"beihilfen","status":"publish","type":"page","link":"http:\/\/hojas.co.at\/blog\/beihilfen\/","title":{"rendered":"Beihilfen &#038; F\u00f6rderungen"},"content":{"rendered":"<h2><strong>F\u00f6rderm\u00f6glichkeiten, Beihilfen, Unterst\u00fctzungen und Verg\u00fcnstigungen f\u00fcr Menschen mit Behinderungen \u00a0in Ober\u00f6sterreich und \u00d6sterreich!<\/strong><\/h2>\n<p>&nbsp;<\/p>\n<h3>\u00d6sterreich &#8211; Unter st\u00fctzungs fonds der \u00d6GK.<\/h3>\n<p>Die \u00d6sterreichische Gesundheitskasse (\u00d6GK) hilft in besonderen Notlagen im Zusammenhang mit Gesundheitskosten und bietet deshalb freiwillige Zusch\u00fcsse aus dem Unterst\u00fctzungsfonds an.<\/p>\n<p>Bei finanziellen Belastungen, die im Zusammenhang mit den Aufgaben der gesetzlichen Krankenversicherung stehen, k\u00f6nnen Sie einen Antrag auf einen finanziellen Zuschuss aus dem Unterst\u00fctzungsfonds stellen. Dabei werden Ihre Familien-, Einkommens- und Verm\u00f6gensverh\u00e4ltnisse ber\u00fccksichtigt.<\/p>\n<p>Bitte beachten Sie, dass Sie keinen Rechtsanspruch auf diese Unterst\u00fctzung haben.<\/p>\n<p>Voraussetzungen<\/p>\n<p>Finanzielle Zusch\u00fcsse aus dem Unterst\u00fctzungsfonds sind grunds\u00e4tzlich nur f\u00fcr jene Leistungen m\u00f6glich, f\u00fcr die die \u00d6GK zust\u00e4ndig ist. Folgendes k\u00f6nnen Sie zum<\/p>\n<p>Heilbehelfe und Hilfsmittel<br \/>\nZahners\u00e4tze<br \/>\nZahnspangen<br \/>\nKrankenhauskosten f\u00fcr Angeh\u00f6rige<\/p>\n<p>Die Kosten m\u00fcssen insgesamt mindestens EUR 40,00 betragen und k\u00f6nnen auch gesammelt eingereicht werden.<\/p>\n<p>Nicht einreichen k\u00f6nnen Sie zum Beispiel:<\/p>\n<p>Aufzahlungen f\u00fcr pers\u00f6nlich gew\u00fcnschte Ausf\u00fchrungen von Heilbehelfen und Hilfsmitteln (H\u00f6rger\u00e4te etc.)<br \/>\nBestattungskosten<br \/>\nKosten f\u00fcr Rehabilitations-, Erholungs- oder Kuraufenthalte<br \/>\nKostenbeitr\u00e4ge f\u00fcr Spitalsaufenthalte<br \/>\nUmbau- oder Lebenserhaltungskosten<\/p>\n<p>Antrag stellen<\/p>\n<p>Link zu den Antragsformularen f\u00fcr jedes Bundesland (Nicht barrierefrei): <a href=\"https:\/\/www.gesundheitskasse.at\/cdscontent\/?contentid=10007.870700&amp;portal=oegkportal\">https:\/\/www.gesundheitskasse.at\/cdscontent\/?contentid=10007.870700&amp;portal=oegkportal<\/a><\/p>\n<p>Bewilligungsverfahren<\/p>\n<p>Der Landesstellenausschuss entscheidet \u00fcber die Gew\u00e4hrung von finanziellen Zusch\u00fcssen aus dem Unterst\u00fctzungsfonds.<\/p>\n<p>Die Unterst\u00fctzungen werden anhand der \u00f6sterreichweit einheitlichen Richtlinien (403 KB) im Einzelfall festgelegt. Dabei werden Ihre finanziellen Verh\u00e4ltnisse gepr\u00fcft. Die H\u00f6he der Unterst\u00fctzung orientiert sich an Ihrem Netto-Einkommen; zudem wird auch das Einkommen von allen im gemeinsamen Haushalt lebenden Personen ber\u00fccksichtigt.<\/p>\n<p>\u00dcber das Ergebnis informieren wir Sie schriftlich.<\/p>\n<p>Dateien zum Herunterladen:<\/p>\n<p>Richtlinien Unterst\u00fctzungsfonds (403 KB): <a href=\"https:\/\/www.gesundheitskasse.at\/cdscontent\/load?contentid=10008.763148&amp;version=1736500734\">https:\/\/www.gesundheitskasse.at\/cdscontent\/load?contentid=10008.763148&amp;version=1736500734<\/a><\/p>\n<p>Richtlinien f\u00fcr die Gew\u00e4hrung von Unterst\u00fctzungen in Form von finanziellen Zusch\u00fcssen aus dem Unterst\u00fctzungsfonds der \u00d6sterreichischen Gesundheitskasse<\/p>\n<p>Informationsblatt Unterst\u00fctzungsfonds (102 KB): <a href=\"https:\/\/www.gesundheitskasse.at\/cdscontent\/load?contentid=10008.753841&amp;version=1650350995\">https:\/\/www.gesundheitskasse.at\/cdscontent\/load?contentid=10008.753841&amp;version=1650350995<\/a><\/p>\n<p>Link zur Seite \u00d6GK Unterst\u00fctzungsfonds: <a href=\"https:\/\/www.gesundheitskasse.at\/cdscontent\/?contentid=10007.870473\">https:\/\/www.gesundheitskasse.at\/cdscontent\/?contentid=10007.870473<\/a><br \/>\n\u00a9 M\u00e4rz 2025 by Gerhard Hojas<\/p>\n<h3><strong>Die pers\u00f6nliche Assistenz<\/strong><\/h3>\n<p>Was ist das?<\/p>\n<p>Durch die Pers\u00f6nliche Assistenz werden Menschen mit Beeintr\u00e4chtigungen, die in einer eigenen Wohnung leben oder leben m\u00f6chten, bei der Bew\u00e4ltigung von Alltagssituationen unterst\u00fctzt und in die Lage versetzt, ihr Leben selbstbestimmt und eigenverantwortlich zu gestalten.<br \/>\nEs k\u00f6nnen auch Kinder und Erwachsene, die der Zielgruppe entsprechen und im Familienverband leben, diese Leistung in Anspruch nehmen. Die Menschen mit Beeintr\u00e4chtigungen bestimmen als Auftraggeberin bzw.\u00a0Auftraggeber selbst den Ort und den Inhalt der Assistenz sowie die Person, welche die Assistenzleistung erbringen soll. Die Assistentinnen und\u00a0Assistenten verf\u00fcgen \u00fcber keine spezielle Ausbildung.<\/p>\n<h3>Wie komme ich zu einer pers\u00f6nlichen Assistenz?<\/h3>\n<p><strong>Pers\u00f6nliche Assistenz GmbH \u2013 O\u00d6<\/strong><\/p>\n<p>Edlbacherstra\u00dfe 13<\/p>\n<p>4020 Linz<\/p>\n<p>Telefon: 0732 \/ 711621<br \/>\nFax: 0732 \/ 711621-20<br \/>\neMail: ta.znetsissa-ehcilneosrep@oreub<br \/>\nWeb: www.persoenliche-assistenz.at<\/p>\n<p>&nbsp;<\/p>\n<h3><strong>Pers\u00f6nliche Assistenz \u2013 Auftraggebermodell des Landes O\u00d6<\/strong><\/h3>\n<p>Informationen zu Unterst\u00fctzungsangeboten f\u00fcr Menschen mit Beeintr\u00e4chtigungen, die zu Hause bzw. in der eigenen Wohnung wohnen.<\/p>\n<p>Link zur Infoseite des Landes O\u00d6: <a href=\"https:\/\/www.land-oberoesterreich.gv.at\/39549.htm\">https:\/\/www.land-oberoesterreich.gv.at\/39549.htm<\/a><\/p>\n<h3>ULF &#8211; Unabh\u00e4ngiges LandesFreiwilligenzentrum Linz \/ Ober\u00f6sterreich<\/h3>\n<p>Definition Freiwilligenarbeit:<\/p>\n<p>Freiwilligenarbeit hat heute viele Namen \u2013 Ehrenamt, freiwilliges oder b\u00fcrgerschaftliches Engagement, freiwillige Mitarbeit sind nur einige davon. In der fachlichen Auseinandersetzung gibt es verschiedene Definitionen f\u00fcr Freiwilligenarbeit. Freiwilligenarbeit als \u201eeine Leistung, die freiwillig und ohne Bezahlung f\u00fcr Personen au\u00dferhalb des eigenen Haushaltes erbracht wird\u201c, ist eine Definition, die auch in der Studie \u201eStruktur und Volumen der Freiwilligenarbeit in \u00d6sterreich\u201c (Statistik Austria, 2007) zur Anwendung kommt.<\/p>\n<p>\u201eFreiwillig\u201c meint dabei ohne gesetzliche Verpflichtung \u2013 aus freiem Willen. Freiwilligenarbeit ist deshalb von anderen unbezahlten T\u00e4tigkeiten (z.B. Zivildienst) zu unterscheiden.<\/p>\n<p>\u201eUnbezahlt\u201c bedeutet, dass diese Leistung ohne Entgelt erbracht wird. Ausgenommen sind davon aber Aufwandsentsch\u00e4digungen (z.B. Telefonkosten, Reisekosten, Porto).<\/p>\n<p>\u201eAu\u00dferhalb des eigenen Haushalts\u201c hei\u00dft, dass die Leistung zum Nutzen des Gemeinwesens bzw. anderer haushaltsfremder Personen erbracht wird. Demnach sind Haus- und Familienarbeit und die blo\u00dfe Mitgliedschaft in einem Verein nicht einzubeziehen.<\/p>\n<p>Eine weitere Unterscheidung wird in \u201eformelle\u201c und \u201einformelle\u201c Freiwilligenarbeit getroffen. Formelle Freiwilligenarbeit meint das Engagement im Rahmen einer Organisation oder eines Vereins. Informelle Freiwilligenarbeit hingegen erfolgt ohne institutionellen Rahmen und wird oft als \u201eNachbarschaftshilfe\u201c bezeichnet.<\/p>\n<p>Text &#8211; Quelle: ULF Linz<\/p>\n<p><a href=\"http:\/\/www.ulf-ooe.at\/\">Link zum ULF<\/a><\/p>\n<h3>Soziale Rehabilitation \u2013 Antrag auf Gew\u00e4hrung von F\u00f6rderungsmitteln \u2013 Formular SGD \u2013 So\/E-25<\/h3>\n<p>Informationen \u00fcber Hilfsmittel und Heilbehelfe sowie Leistungen f\u00fcr Rollstuhlfahrerinnen und Rollstuhlfahrer, schwer gehbeeintr\u00e4chtigte sowie geh\u00f6rlose oder blinde Menschen.<\/p>\n<p>Link \u00dcbersicht F\u00f6rderungen des Landes O\u00d6 f\u00fcr Menschen mit Behinderung: <u><a href=\"http:\/\/www.land-oberoesterreich.gv.at\/39577.htm\">http:\/\/www.land-oberoesterreich.gv.at\/39577.htm<\/a><\/u><\/p>\n<p>Link zum Formular SGD \u2013 So\/E-25: <a href=\"https:\/\/www.land-oberoesterreich.gv.at\/Mediendateien\/Formulare\/form_gesellschaftundsoziales\/SGD_So_E25_SozialeRehabilitation.pdf\">https:\/\/www.land-oberoesterreich.gv.at\/Mediendateien\/Formulare\/form_gesellschaftundsoziales\/SGD_So_E25_SozialeRehabilitation.pdf<\/a><\/p>\n<p>Adresse:<\/p>\n<p>Amt der O\u00f6. Landesregierung<\/p>\n<p>Direktion Soziales und Gesundheit<\/p>\n<p>Abteilung Soziales<\/p>\n<p>Bahnhofplatz 1<\/p>\n<p>4021 Linz<\/p>\n<p>&nbsp;<\/p>\n<h3><strong>Sozialministerium Service <\/strong><\/h3>\n<p>Link zu den Formularen des Sozialministerium Service: <u><a href=\"https:\/\/www.sozialministeriumservice.at\/site\/Downloads\/?method=searchPublicationAndDownloads&amp;category=value_08&amp;query=&amp;button1id=Downloads+suchen\">https:\/\/www.sozialministeriumservice.at\/site\/Downloads\/?method=searchPublicationAndDownloads&amp;category=value_08&amp;query=&amp;button1id=Downloads+suchen#<\/a><\/u><\/p>\n<h3><strong>Weitere F\u00f6rderm\u00f6glichkeiten f\u00fcr blinde und sehbehinderte Menschen!<\/strong><\/h3>\n<h4>Franz Honauer Blindenstiftung<\/h4>\n<p>Neues Rathaus<\/p>\n<p>Hauptstra\u00dfe 1-5<\/p>\n<p>4041 Linz<\/p>\n<p>Telefon: 07070\/2777<\/p>\n<p>&nbsp;<\/p>\n<h4>Licht ins Dunkel<\/h4>\n<p>Kramergasse 1<\/p>\n<p>1010 Wien<\/p>\n<p>Telefon: 01\/5338688<\/p>\n<p>Es gibt ein Antragsformular<\/p>\n<p>&nbsp;<\/p>\n<h4><strong>Nieder\u00f6sterreich und Wien<\/strong><\/h4>\n<p>&nbsp;<\/p>\n<h4>Maria Theresia Wittke<\/h4>\n<p>Privatstiftung<\/p>\n<p>Karlsgasse 15\/9<\/p>\n<p>1040 Wien<\/p>\n<p>&nbsp;<\/p>\n<p>Es gibt ein Antragsformular (Ja keine Vorfinanzierung)<\/p>\n<p>&nbsp;<\/p>\n<h4>Sigmund Weinberger-Stiftung f\u00fcr Augenkranke und Blinde<\/h4>\n<p>Landhausplatz 1<\/p>\n<p>3109 St. P\u00f6lten<\/p>\n<p>Oder<\/p>\n<p>Landskrongasse 5<\/p>\n<p>1010 Wien<\/p>\n<p>&nbsp;<\/p>\n<h3><strong>Aktivpass der Stadt Linz<\/strong><\/h3>\n<p>Der Stadt Linz ist es ein Anliegen, dass auch einkommensschw\u00e4chere LinzerInnen aktiv am gesellschaftlichen Leben teilnehmen k\u00f6nnen. Daher wurde der Aktivpass ins Leben gerufen, mit dem bei zahlreichen Einrichtungen Erm\u00e4\u00dfigungen in Anspruch genommen werden k\u00f6nnen.<\/p>\n<p>Link zur Infoseite Aktivpass der Stadt Linz: <a href=\"https:\/\/portal.linz.gv.at\/Serviceguide\/viewChapter.html?chapterid=121421\">https:\/\/portal.linz.gv.at\/Serviceguide\/viewChapter.html?chapterid=121421<\/a><\/p>\n<p>&nbsp;<\/p>\n<h3><strong>LINZ AG LINIEN &#8211; Erm\u00e4\u00dfigungen f\u00fcr Menschen mit Behinderung<\/strong><\/h3>\n<p>Link zur Linz Linien AG: <a href=\"https:\/\/www.linzag.at\/portal\/de\/privatkunden\/unterwegs\/tickets___tarife\/ermaessigungen\">https:\/\/www.linzag.at\/portal\/de\/privatkunden\/unterwegs\/tickets___tarife\/ermaessigungen#<\/a><\/p>\n<p>&nbsp;<\/p>\n<h3><strong>Beratung von \u00d6ZIV in Linz<\/strong><\/h3>\n<p>Jeden 1. Dienstag im Monat findet im Volkshaus Keferfeld-Oed\u00a0 ein Stammtisch mit Beratung von O\u00d6ZIV statt.<\/p>\n<p>&nbsp;<\/p>\n<p>Bei Vorliegen von chronischen Krankheiten (zB Diabetes, Herzerkrankungen, Krebs, &#8230;) oder den unterschiedlichsten Arten von Behinderungen gibt es M\u00f6glichkeiten von Unterst\u00fctzungen oder Erleichterungen.<\/p>\n<p>&nbsp;<\/p>\n<p>\u00d6ZIV informiert\/ber\u00e4t Dich gerne unter anderem bei Fragen\/Antr\u00e4gen zu:<\/p>\n<p>Arbeitnehmerveranlagungen (fr\u00fcher Lohnsteuerausgleich)<\/p>\n<p>Ausgleichszulage<\/p>\n<p>Ausweise<\/p>\n<p>Befreiungen von Geb\u00fchren oder Leistungen<\/p>\n<p>Behinderteneinstellungsgesetz<\/p>\n<p>Behindertenpass<\/p>\n<p>Einstufung des Grades der Behinderung<\/p>\n<p>Erh\u00f6hte Kinderbeihilfe<\/p>\n<p>Euro-Key (Euroschl\u00fcssel)<\/p>\n<p>Fahrpreiserm\u00e4\u00dfigungen<\/p>\n<p>Fahrtkostenzuschuss<\/p>\n<p>Freibetr\u00e4ge im Steuerrecht<\/p>\n<p>GIS-Geb\u00fchrenbefreiung<\/p>\n<p>Gratisvignette f\u00fcr Autobahnben\u00fctzug<\/p>\n<p>Gratiswindeln f\u00fcr Kinder<\/p>\n<p>Heizkostenzuschuss<\/p>\n<p>Invalid\u00e4tspension<\/p>\n<p>Mauterm\u00e4\u00dfigungen<\/p>\n<p>Mitversicherung in der Krankenversicherung<\/p>\n<p>Mobilit\u00e4tszuschuss<\/p>\n<p>Motorbezogene Versicherungssteuer<\/p>\n<p>Parkausweis (\u00a729b StVO Ausweis)<\/p>\n<p>Pensionsangelegenheiten<\/p>\n<p>Pflegegeld<\/p>\n<p>PKW-Ben\u00fctzung und rechtliche Erleichterungen<\/p>\n<p>Rezeptgeb\u00fchrenbefreiung<\/p>\n<p>Sachwalterschaft und Alternative<\/p>\n<p>Selbstversicherung in der Pensionsversicherung f\u00fcr Zeiten der Pflege eines Kinder mit Behinderung<\/p>\n<p>Unterst\u00fctzung der Sozialversicherung (Kranken-, Pensionsversicherung)<\/p>\n<p>Unterst\u00fctzung f\u00fcr pflegende Angeh\u00f6rige<\/p>\n<p>Unterst\u00fctzungsfonds<\/p>\n<p>Verschiedenste F\u00f6rderungen und Zusch\u00fcsse<\/p>\n<p>Waisenpension<\/p>\n<p>Zusch\u00fcsse zu Ankauf\/Umbau eines PKWs<\/p>\n<p>Zusch\u00fcsse zu Umbau\/Adaptierung von Wohnung\/Haus<\/p>\n<p>und vieles andere mehr<\/p>\n<p>&nbsp;<\/p>\n<p>Wie komme ich zum Volkshaus Keferfeld-Oed:Mit der Buslinie 12 bis zur Haltestelle Megauerstra\u00dfe. Das Volkshaus liegt direkt bei der Bushaltestelle.<\/p>\n<p>Link zur Homepage von Behindertenservice.at: <a href=\"https:\/\/www.behindertenservice.at\/\">https:\/\/www.behindertenservice.at\/<\/a><\/p>\n<p>&nbsp;<\/p>\n<h3><strong>Pflegegeld <\/strong><\/h3>\n<h4>Anspruchsberechtigte \u2013 Voraussetzungen \u2013 Antrag \u2013 Ruhen<\/h4>\n<p>Quelle WKO \u2013 Stand: 01.01.2017<\/p>\n<p>Das Pflegegeld hat den Zweck, pflegebedingte Mehraufwendungen pauschaliert abzugelten, um pflegebed\u00fcrftigen Personen die notwendige Betreuung und Hilfe zu sichern und f\u00fcr sie die M\u00f6glichkeit zu schaffen, ein selbstbestimmtes, bed\u00fcrfnisorientiertes Leben zu f\u00fchren.<\/p>\n<p>Link zu weiteren Informationen zum Pflegegeld: http:\/\/hojas.co.at\/blog\/das-pflegegeld\/<\/p>\n<h2><\/h2>\n<h3>Behindertenparkplatz und Parkausweis nach \u00a7 29b StVO<\/h3>\n<p>&nbsp;<\/p>\n<p>Er ist hei\u00df begehrt und doch nicht f\u00fcr jeden \u2013 der Behindertenparkplatz. Mittlerweile gibt es eine \u00fcbersichtliche Anzahl dieser speziell gekennzeichneten Stellfl\u00e4chen in jeder Stadt (aber nicht in Linz, da wird gestrichen wo es nur geht). Praktisch sind sie schon: Sie sind direkt am Eingang \u00f6ffentlicher Geb\u00e4ude oder auch bei Lebensmittell\u00e4den zu finden. Den <strong>Verlockungen des Behindertenparkplatzes<\/strong> sind schon viele Autofahrer erlegen. Wer hat nicht schon einmal einen Autofahrer ohne Behinderung gesehen, der \u201enur mal eben schnell\u201c dort geparkt hat, um sich einen wom\u00f6glich langen Weg zum Laden zu sparen? F\u00fcr Menschen mit Behinderungen ist das ein \u00c4rgernis. Sie m\u00fcssen auf normale Parkpl\u00e4tze ausweichen, und k\u00f6nnen unter Umst\u00e4nden nur erschwert das Auto verlassen, da solche Stellfl\u00e4chen nicht genug Platz f\u00fcr Rollst\u00fchle oder andere Gehhilfen vorsehen.<\/p>\n<p>Link zu weiteren Infos \u00fcber den Parkausweis: http:\/\/hojas.co.at\/blog\/behindertenparkplatz-und-parkausweis-nach-%c2%a7-29b-stvo\/<\/p>\n<h2><strong>Andere Befreiungen und Zusch\u00fcsse<\/strong><\/h2>\n<h3>Befreiung \/ Zuschuss &#8211; Rundfunkgeb\u00fchren, Fernsprechentgelt, \u00d6kostrompauschale<\/h3>\n<p>Link zur Infoseite der \u201aGIS: <a href=\"https:\/\/www.gis.at\/befreiung\">https:\/\/www.gis.at\/befreiung<\/a><\/p>\n<p>&nbsp;<\/p>\n<h3><strong>Rezeptgeb\u00fchrenbefreiung<\/strong><\/h3>\n<p>Link zur Infoseite von help.gv.at: <a href=\"https:\/\/www.help.gv.at\/Portal.Node\/hlpd\/public\/content\/169\/Seite.1693901.html\">https:\/\/www.help.gv.at\/Portal.Node\/hlpd\/public\/content\/169\/Seite.1693901.html<\/a><\/p>\n<p>Link zur Infoseite der O\u00d6GKK: <a href=\"https:\/\/www.ooegkk.at\/portal27\/ooegkkportal\/content?contentid=10007.705003&amp;viewmode=content\">https:\/\/www.ooegkk.at\/portal27\/ooegkkportal\/content?contentid=10007.705003&amp;viewmode=content<\/a><\/p>\n<p>Man kann sich diese Infos auch bei der jeweiligen Krankenkasse einholen.<\/p>\n<h3><strong>Kulturpass \u2013 Mehrere Bundesl\u00e4nder<\/strong><\/h3>\n<p>Auch Menschen mit finanziellen Engp\u00e4ssen haben ein Recht auf Kunst &amp; Kultur. Der Kulturpass macht es m\u00f6glich. Mit diesem Ausweis erhalten sozial benachteiligte Menschen freien Eintritt in zahlreiche kulturelle Einrichtungen.<br \/>\nDie Aktion \u201eHunger auf Kunst &amp; Kultur\u201c wurde 2003 von Schauspielhaus Wien in Kooperation mit der Armutskonferenz initiiert, um die T\u00fcren und Tore zu Kunst &amp; Kultur auch f\u00fcr sozial benachteiligte Menschen zu \u00f6ffnen.<\/p>\n<p>Aktuell gibt es diese Initiative in 7 Bundesl\u00e4ndern &#8211; Wien, Steiermark, Burgenland, Ober\u00f6sterreich, Salzburg, Tirol, Vorarlberg &#8211; sowie in Tulln, M\u00f6dling und dem westlichen Nieder\u00f6sterreich.<\/p>\n<p>Link zur Infoseite Kulturpass: <a href=\"https:\/\/www.hungeraufkunstundkultur.at\/jart\/prj3\/hakuk\/main.jart?rel=de&amp;content-id=1482242680726\">https:\/\/www.hungeraufkunstundkultur.at\/jart\/prj3\/hakuk\/main.jart?rel=de&amp;content-id=1482242680726<\/a><\/p>\n<h3><strong>Orts-, Kurtaxe oder Tourismusabgabe f\u00fcr Menschen mit Behinderung<\/strong><\/h3>\n<p>Im Burgenland und K\u00e4rnten bezahlen Menschen mit einer Behinderung \u00a0keine Orts-, Kurtaxe oder Tourismusabgabe.<\/p>\n<h4>Burgenland<\/h4>\n<ol start=\"3\">\n<li>Wer ist von der Zahlung der Ortstaxe befreit?<\/li>\n<\/ol>\n<p>Die Ausnahmebestimmung des \u00a7 28 Abs. 3 in Verbindung mit Abs. 4 lautet: \u201e(3) Von der Zahlung der Ortstaxe sind befreit:<\/p>\n<ol>\n<li>Personen unter 14 Jahren,<\/li>\n<li>alle Personen, die sich vor\u00fcbergehend und ausschlie\u00dflich zum Zwecke der Schul- und Berufsausbildung im Bundesland aufhalten, mit Ausnahme von N\u00e4chtigungen im Rahmen von Kongressen, Tagungen, Seminaren und dergleichen,<\/li>\n<li>alle Pfleglinge der \u00f6ffentlichen Heil- und Pflegeanstalten sowie Patienten in Krankenanstalten, mit Ausnahme von ortsfremden Personen, die aus Anlass der medizinischen Rehabilitation oder Gesundheitsvorsorge in einer Sonderkrankenanstalt gem\u00e4\u00df dem Burgenl\u00e4ndischen Krankenanstaltengesetz 2000 &#8211; Bgld. KAG 2000, LGBl. Nr. 52\/2000, oder einer Kuranstalt oder Kureinrichtung gem\u00e4\u00df dem Bgld. HeiKuG n\u00e4chtigen,<\/li>\n<li>schwer Behinderte mit einer Minderung der Erwerbsf\u00e4higkeit von mindestens 90 % und Blinde und<\/li>\n<li>Begleitpersonen von schwer Behinderten und Blinden, sofern die obgenannten Personen laut \u00e4rztlicher Bescheinigung v\u00f6llig auf st\u00e4ndige Begleitung angewiesen sind.<\/li>\n<li>Personen, die aus Anlass des Besuches eines Musikfestivals im Sinne des Bgld. Veranstaltungsgesetzes, LGBl. Nr. 2\/1994, in der jeweils geltenden Fassung, f\u00fcr die Dauer der Veranstaltung im Bereich der Veranstaltungsst\u00e4tte n\u00e4chtigen, sofern die N\u00e4chtigung nicht in einem Beherbergungsbetrieb oder in einer vom Veranstalter oder in seinem Zusammenwirken von einem Dritten dem Besucher entgeltlich zur Verf\u00fcgung gestellten Unterkunft (wie z.B. im Mietzelt) erfolgt.<\/li>\n<\/ol>\n<p>(4) Personen, die eine Ausnahme von der Abgabenpflicht nach Abs. 3 beanspruchen, haben die hierf\u00fcr ma\u00dfgebenden Umst\u00e4nde nachzuweisen.\u201c Dazu wird unter Verweis auf die bisherige Rechtslage, die in<\/p>\n<p>Link zur Info Kurtaxe Burgenland als PDF:<\/p>\n<p><a href=\"https:\/\/www.burgenland.at\/fileadmin\/user_upload\/Downloads\/Tourismus\/Ortstaxe\/Brief_TG_2014.Durchfuehrungserlass.Ortstaxen.Abgaben.Gemeinden.April2015_sig.pdf\">https:\/\/www.burgenland.at\/fileadmin\/user_upload\/Downloads\/Tourismus\/Ortstaxe\/Brief_TG_2014.Durchfuehrungserlass.Ortstaxen.Abgaben.Gemeinden.April2015_sig.pdf<\/a><\/p>\n<p>&nbsp;<\/p>\n<h4><strong>Auch in K\u00e4rnten bezahlt man ab einer Beeintr\u00e4chtigung ab 50% und deren Begleitung keine Kurtaxe.<\/strong><\/h4>\n<p>Die Befreiungsbestimmung f\u00fcr Menschen mit Behinderung sowie gegebenenfalls eine Begleitperson \u00a0finden Sie in \u00a7 3 Abs. 3 Z 8 in Verbindung mit \u00a7 3 Abs. 4 lit. b .<\/p>\n<p>&nbsp;<\/p>\n<p>8) Menschen mit Behinderung, bei denen der Grad der Behinderung mindestens 50 Prozent betr\u00e4gt, sowie eine Begleitperson.<\/p>\n<p>(4) Personen, die eine Ausnahme von der Abgabepflicht gem\u00e4\u00df Abs. 3 geltend machen, haben die daf\u00fcr ma\u00dfgeblichen Umst\u00e4nde nachzuweisen. Dies hat in den F\u00e4llen des a) Abs. 3 Z 7 vorletzter Halbsatz (Schul- und schulbezogene Veranstaltungen) durch Vorlage einer Best\u00e4tigung der Schulleitung und b) Abs. 3 Z 8 durch Vorlage eines von einer staatlichen Beh\u00f6rde ausgestellten Ausweises zu erfolgen.<\/p>\n<p>Link zum K\u00e4rntner Orts- und N\u00e4chtigungstaxengesetz in der geltenden Fassung: <a href=\"http:\/\/www.hojas.co.at\/extern\/info\/taxe-kaernten.pdf\">http:\/\/www.hojas.co.at\/extern\/info\/taxe-kaernten.pdf<\/a><\/p>\n<p>&nbsp;<\/p>\n<h3><strong>RISS &#8211; Rehabilitation und Integration f\u00fcr sp\u00e4terblindete und sehbehinderte <\/strong><strong>Personen<\/strong><\/h3>\n<p>Seit 1988 bietet das BBRZ am Standort Linz professionelle Unterst\u00fctzung f\u00fcr blinde und hochgradig sehbehinderte Personen an.\u00a0Diese RISS-Angebote k\u00f6nnen Sie gerne in Absprache mit Ihren AMS- bzw. PVA-BeraterInnen, BedarfskoordinatorInnen und AnsprechpartnerInnen anderer Sozialversicherungstr\u00e4ger von ganz \u00d6sterreich aus in Anspruch nehmen. Wir k\u00fcmmern uns dann f\u00fcr Sie um eine Wohnheimunterbringung.\u00a0Neben der RISS Grundrehabilitation &#8211; ein an die Lebenssituation angepasstes Trainingsprogramm, das sich an Ihren Kompetenzen und Zielen orientiert,bieten wir Ma\u00dfnahmen der Beruflichen Rehabilitation an.\u00a0Der Unterricht findet einzeln oder in Kleingruppen statt &#8211; vorwiegend in den RISS R\u00e4umlichkeiten, die f\u00fcr blinde und sehbehinderte Personen extra adaptiert sind. Wir begleiten Sie aber auch gerne an Ihrem Wohnort oder an Ihrem Arbeitsplatz!\u00a0Die Trainings der RISS Grundrehabilitation werden als Einzelsetting angeboten, die Ma\u00dfnahmen der RISS Beruflichen Rehabilitation finden in Kleingruppen unter Verwendung sehbehinderten bzw. Blindenspezifischer Hilfsmittel statt. Speziell adaptierte Lern- und Arbeitsunterlagen, individuell gestaltete Schulungsarbeitspl\u00e4tze bilden die Basis f\u00fcr eine gelungene Realisierung Ihrer neuen beruflichen Perspektive.\u00a0Unsere RISS-Angebote f\u00fcr Sie reichen\u00a0von einem Training zum (Wieder-)Erwerb Ihrer lebenspraktischen Mobilit\u00e4t und Kommunikationsfertigkeiten in der sogenannten RISS Grundrehabilitation\u00a0\u00fcber die Entwicklung und Vorbereitung neuer beruflicher Perspektiven f\u00fcr Sie aufgrund unserer Angebote der RISS-Beruflichen Rehabilitation bis zu Ihrer Unterst\u00fctzung und Begleitung bei der Integration am Arbeitsmarkt im Rahmen der RISS-Arbeitsassistenz.<\/p>\n<p>Produktbl\u00e4tter als PDF downloaden<a href=\"http:\/\/www.bbrz.at\/fuer-erwachsene\/fuer-sehbeeintraechtigte-und-neurologisch-erkrankte\/rehabilitation-und-integration-fuer-spaeterblindete-und-sehbehinderte-menschen.html\">http:\/\/www.bbrz.at\/fuer-erwachsene\/fuer-sehbeeintraechtigte-und-neurologisch-erkrankte\/rehabilitation-und-integration-fuer-spaeterblindete-und-sehbehinderte-menschen.html<\/a>\u00a0Link zur Homepage des BBRZ Linz: <a href=\"http:\/\/www.bbrz.at\/\">http:\/\/www.bbrz.at\/<\/a>\u00a0Quelle:<\/p>\n<p>BBRZ Linz\u00a0Pers\u00f6nliche Anmerkung: Das RISS in Linz ist f\u00fcr Sehbehinderte, Sp\u00e4terblindete und Geburtsblinde die erste und beste Anlaufstelle, wenn es um kompetente Beratung f\u00fcr Reha, Ausbildung, Fort- und Weiterbildung, individuelle Schulungen; Unterst\u00fctzung bei \u00c4mtern, \u00c4rzten und Beh\u00f6rden oder bei Beratungen f\u00fcr Hilfsmittel im Arbeitsleben oder im privaten Bereich geht. Die Angebote reichen bis zum Hometeaching in anderen Bundesl\u00e4ndern.\u00a0Diese Angebote werden in den Schulferien von Sch\u00fclern und Jugendlichen gernegenutzt.<\/p>\n<p>Aber man hat auch in der Pension diese M\u00f6glichkeiten. Zum Lernen und neues kennenlernen ist es nie zu sp\u00e4t. Und in Linz und Ober\u00f6sterreich ist nun mal das \u201eRISS\u201c die kompetente Stelle f\u00fcr uns Menschen mit einer Sehbeeintr\u00e4chtigung.<\/p>\n<p>&nbsp;<\/p>\n<h3><strong>Angebote der Autofahrerklubs f\u00fcr Menschen mit Behinderung<\/strong><\/h3>\n<p>Man kann auch als Blinder oder Sehbehinderter Motorrad- oder Autobesitzer sein. Und diese Fahrzeuge k\u00f6nnen auch auf Blinde und Sehbehinderte zugelassen sein.<\/p>\n<p>Link zu einer \u00dcbersicht der Automobil- und Verkehrsklubs: <a class=\"moz-txt-link-freetext\" href=\"http:\/\/www.auto.at\/contator\/auto\/info.asp?nnr=17014\">http:\/\/www.auto.at\/contator\/auto\/info.asp?nnr=17014<\/a><\/p>\n<p>Link zur Info beim \u00d6ZIV: <a href=\"https:\/\/www.oeziv.org\/angebote\/rechtsdatenbank\/auto-und-oeffentliche-verkehrsmittel\/angebote-der-autofahrerclubs-arboe-und-oeamtc-fuer-koerperbehinderte-menschen\/\">https:\/\/www.oeziv.org\/angebote\/rechtsdatenbank\/auto-und-oeffentliche-verkehrsmittel\/angebote-der-autofahrerclubs-arboe-und-oeamtc-fuer-koerperbehinderte-menschen\/<\/a><\/p>\n<p>&nbsp;<\/p>\n<h3><strong>Pendlerpauschale f\u00fcr Menschen mit Behinderung<\/strong><\/h3>\n<h4><strong>Pendlerrechner des BMF<\/strong><\/h4>\n<p>Link zum Pendlerrechner: <a href=\"https:\/\/pendlerrechner.bmf.gv.at\/pendlerrechner\/\">https:\/\/pendlerrechner.bmf.gv.at\/pendlerrechner\/<\/a><\/p>\n<p>&nbsp;<\/p>\n<h4>L 34, Erkl\u00e4rung zur Ber\u00fccksichtigung des Pendlerpauschales und des Pendlereuros ab 01.01.2013 \u2013 Barrierefrei f\u00fcr Blinde und Sehbehinderte<\/h4>\n<p>Link zum barrierefreien Formular Pendlerpauschale: <a href=\"https:\/\/formulare.bmf.gv.at\/service\/formulare\/inter-Steuern\/wai\/2013\/L34.htm\">https:\/\/formulare.bmf.gv.at\/service\/formulare\/inter-Steuern\/wai\/2013\/L34.htm<\/a><\/p>\n<p>&nbsp;<\/p>\n<p>Link zum Formular L34 f\u00fcr die Pendlerpauschale: <a href=\"https:\/\/service.bmf.gv.at\/service\/anwend\/formulare\/show_mast.asp?s=L34\">https:\/\/service.bmf.gv.at\/service\/anwend\/formulare\/show_mast.asp?s=L34<\/a><\/p>\n<p>&nbsp;<\/p>\n<h3><strong>Euro-Key<\/strong><\/h3>\n<p>Der Schl\u00fcssel sperrt WCs, Schr\u00e4gaufz\u00fcge und mehr. Er ist unter bestimmten Voraussetzungen kostenlos erh\u00e4ltlich.<\/p>\n<p>&nbsp;<\/p>\n<p>Laufend werden barrierefreie \u00f6ffentliche WCs in St\u00e4dten und Gemeinden sowie jene an den Autobahnrastst\u00e4tten mit dem sogenannten Euro-Zylinderschloss ausgestattet \u2013 nur einer der Vorteile des euro-key.<\/p>\n<p>&nbsp;<\/p>\n<p>Das bedeutet, dass nur mehr jener Personenkreis Zutritt haben wird, der diese WCs dringend braucht.<\/p>\n<p>Link zur Infoseite Euro-Key: <a href=\"https:\/\/www.behindertenrat.at\/barrierefreiheit\/mobilitaet-und-verkehr\/euro-key\/\">https:\/\/www.behindertenrat.at\/barrierefreiheit\/mobilitaet-und-verkehr\/euro-key\/<\/a><\/p>\n<h3><span class=\"h1_text\">\u00d6sterreichweite Erm\u00e4\u00dfigungen und finanzielle Unterst\u00fctzungen<\/span> auf help.gv.at<\/h3>\n<p><a href=\"https:\/\/www.help.gv.at\/Portal.Node\/hlpd\/public\/content\/202\/Seite.2020020.html\">Link zur Infoseite auf help-.gv.at<\/a><\/p>\n<h3>Schulstartpaket<\/h3>\n<p>Der Schulstart stellt viele Familien vor hohe finanzielle Belastungen. Ganz besonders betrifft das all jene Haushalte, in denen Mindestsicherung beziehen. Die Folge davon tragen die Kinder: Benachteiligungen im Lernalltag und soziale Ausgrenzung. Genau hier setzt das Schulstartpaket des Sozialministeriums an, das seit 2015 aus Mitteln des Europ\u00e4ischen Hilfsfonds \u201eFEAD&#8220; finanziert wird. Das Ziel ist es, diese Belastung am Anfang des Schuljahres auszugleichen, einkommensschwachen Haushalten zu helfen und gleichzeitig positiv zur Motivation der Kinder und Jugendlichen beizutragen. In Form und Gr\u00f6\u00dfe war das Projekt in \u00d6sterreich bisher einzigartig. Die Evaluierung (siehe Downloads) stellt dem Schulstartpaket ein hervorragendes Zeugnis aus, zeigt was besonders gut gelaufen ist und aus welchen Erfahrungen man lernen sollte.<\/p>\n<p><a href=\"https:\/\/www.sozialministerium.at\/site\/Soziales_und_KonsumentInnen\/Soziale_Themen\/Soziale_Sicherheit\/Schulstartpaket\/\">Link zu der Seite Schulstartpaket.at<\/a><\/p>\n<h2>Steiermark<\/h2>\n<header>\n<h3>Urlaubsaktion f\u00fcr SeniorInnen<\/h3>\n<\/header>\n<div class=\"txtblock-wrapper clearfix\">\n<div class=\"hide_txt_anchor\"><a id=\"linktb1\" name=\"tb1\"><\/a><\/div>\n<div class=\"txtblock-content standard\">\n<p align=\"justify\"><strong>Steirische SeniorInnen sollen sich Urlaub mit \u201eTapetenwechsel&#8220; leisten k\u00f6nnen, auch wenn ihr eigenes Einkommen daf\u00fcr nicht ausreicht. Deshalb gibt es in der Steiermark die SeniorInnenurlaubsaktion, je zur H\u00e4lfte finanziert vom Land Steiermark und den Sozialhilfeverb\u00e4nden (Gemeinden ausser Graz). Unterkunft und Mahlzeiten w\u00e4hrend des Aufenthalts sind in ausgew\u00e4hlten steirischen Gasth\u00f6fen<\/strong><strong>\u00a0somit f\u00fcr die TeilnehmerInnen kostenlos.<\/strong><\/p>\n<p align=\"justify\">Voraussetzung f\u00fcr die Teilnahme ist die Vollendung des 60. Lebensjahres, eine EWR-Staatsb\u00fcrgerschaft, ein Hauptwohnsitz in der Steiermark ausserhalb von Graz und ein Nettohaushaltseinkommen unter \u20ac\u00a01.000,00 f\u00fcr allein lebende Personen sowie unter \u20ac\u00a01.500,00 f\u00fcr Ehepaare oder Lebensgemeinschaften.<\/p>\n<p align=\"justify\">Ihren Antrag auf Teilnahme an der steirischen SeniorInnenurlaubsaktion nimmt Ihre Wohnsitzgemeinde entgegen. Dort hilft man Ihnen nat\u00fcrlich auch gerne beim Ausf\u00fcllen der Formulare oder bei der Kl\u00e4rung offener Fragen. Die Antr\u00e4ge f\u00fcr den ersten Turnus (von 08. bis 15. Mai) m\u00fcssen sp\u00e4testens\u00a0bis\u00a0Ende M\u00e4rz 2018 gestellt werden, alle weiteren sp\u00e4testens vier Wochen vor Turnusbeginn.<\/p>\n<p align=\"justify\">Die Turnuszeiten sind:<\/p>\n<ul>\n<li>\n<div align=\"justify\">1. Turnus :\u00a0\u00a0 Dienstag,\u00a0 08. Mai\u00a0\u00a0 2018\u00a0\u00a0\u00a0 bis\u00a0\u00a0\u00a0 Dienstag,\u00a0 15. Mai\u00a0\u00a0\u00a0 2018<\/div>\n<\/li>\n<li>\n<div align=\"justify\">2. Turnus:\u00a0\u00a0\u00a0 Dienstag,\u00a0 22. Mai\u00a0\u00a0 2018 \u00a0\u00a0\u00a0bis\u00a0\u00a0\u00a0 Dienstag,\u00a0 29. Mai\u00a0\u00a0\u00a0 2018<\/div>\n<\/li>\n<li>\n<div align=\"justify\">3. Turnus:\u00a0\u00a0\u00a0 Dienstag,\u00a0 05. Juni\u00a0\u00a0 2018 \u00a0\u00a0\u00a0bis\u00a0\u00a0\u00a0 Dienstag,\u00a0 12. Juni\u00a0\u00a0\u00a0 2018<\/div>\n<\/li>\n<li>\n<div align=\"justify\">4. Turnus:\u00a0\u00a0\u00a0 Dienstag,\u00a0 19. Juni\u00a0\u00a0 2018 \u00a0\u00a0 \u00a0bis\u00a0\u00a0\u00a0 Dienstag,\u00a0 26. Juni\u00a0\u00a0\u00a0 2018<\/div>\n<\/li>\n<li>\n<div align=\"justify\">5. Turnus:\u00a0\u00a0\u00a0 Dienstag,\u00a0 11. Sept.\u00a0 2018\u00a0\u00a0\u00a0 bis\u00a0\u00a0\u00a0 Dienstag,\u00a0 18. Sept.\u00a0 2018<\/div>\n<\/li>\n<\/ul>\n<p>Jeder Turnus beginnt mit dem Mittagessen des Anreisetages und endet mit dem Fr\u00fchst\u00fcck des Abreisetages.<\/p>\n<p align=\"justify\">Um Wartezeiten beim Beantragen der Teilnahme an der steirischen SeniorInnenurlaubsaktion gering halten zu k\u00f6nnen, bringen Sie bitte die notwendigen Unterlagen schon mit,\u00a0die Formulare\u00a0k\u00f6nnen Sie hier herunterladen oder\u00a0bei den Antragsstellen entnehmen.<\/p>\n<ul>\n<li>\n<div align=\"justify\">Ihr Meldezettel (und des\/der EhegattIn\/Lebensgef\u00e4hrtIn)<\/div>\n<\/li>\n<li>\n<div align=\"justify\">Einkommensnachweise (z. B. der Pensionsabschnitt oder -bescheid)<\/div>\n<\/li>\n<li>\n<div align=\"justify\">eventuell Best\u00e4tigung \u00fcber Pflegegeld<\/div>\n<\/li>\n<li>\n<div align=\"justify\"><img decoding=\"async\" src=\"https:\/\/secure.steiermark.at\/_g\/pfeil-ext.gif\" alt=\"Externe Verkn\u00fcpfung\" \/>\u00a0<a title=\"\u00d6ffnet ein neues Fenster: Antrag 2018\" href=\"http:\/\/www.soziales.steiermark.at\/cms\/dokumente\/11986794_108519707\/d15b5de9\/Antrag%202018.docx\" target=\"_blank\" rel=\"noopener\">Antragsformular <\/a><\/div>\n<\/li>\n<li>\n<div align=\"justify\"><img decoding=\"async\" src=\"https:\/\/secure.steiermark.at\/_g\/pfeil-ext.gif\" alt=\"Externe Verkn\u00fcpfung\" \/>\u00a0<a title=\"\u00d6ffnet ein neues Fenster: \u00e4rztliche Best\u00e4tigung\" href=\"http:\/\/www.soziales.steiermark.at\/cms\/dokumente\/11986794_108519707\/58533883\/%C3%84rztliche%20Best%C3%A4tigung%20f%20%20Pflegegeldbezieher%202018.docx\" target=\"_blank\" rel=\"noopener\"> Formular f\u00fcr \u00e4rztliche Best\u00e4tigung<\/a><\/div>\n<\/li>\n<li>\n<div align=\"justify\"><img decoding=\"async\" src=\"https:\/\/secure.steiermark.at\/_g\/pfeil-ext.gif\" alt=\"Externe Verkn\u00fcpfung\" \/>\u00a0<a title=\"\u00d6ffnet ein neues Fenster: Verst\u00e4ndigung Angeh\u00f6rige\" href=\"http:\/\/www.soziales.steiermark.at\/cms\/dokumente\/11986794_108519707\/91c100a8\/Verst%C3%A4ndigung%20von%20Angeh%C3%B6rigen%202018.docx\" target=\"_blank\" rel=\"noopener\">Formular f\u00fcr die zu verst\u00e4ndigenden Angeh\u00f6rigen<\/a><\/div>\n<\/li>\n<li>\n<div align=\"justify\"><img decoding=\"async\" src=\"https:\/\/secure.steiermark.at\/_g\/pfeil-ext.gif\" alt=\"Externe Verkn\u00fcpfung\" \/>\u00a0<a title=\"\u00d6ffnet ein neues Fenster: Richtlinien 2018\" href=\"http:\/\/www.soziales.steiermark.at\/cms\/dokumente\/11986794_108519707\/d48e665d\/SeniorInnenurlaubsaktion%20Richtlinie.%202018.pdf\" target=\"_blank\" rel=\"noopener\">den Richtlinien f\u00fcr die Urlaubsaktion f\u00fcr SeniorInnen 2018<\/a><\/div>\n<\/li>\n<\/ul>\n<p>oder wenden Sie sich telefonisch unter 0316\/877-3347 bzw. per <a title=\"E-Mail SB\" href=\"mailto:markus.wentner@stmk.gv.at\">E-Mail an den zust\u00e4ndigen Sachbearbeiter.<\/a><\/p>\n<\/div>\n<\/div>\n<p><a href=\"http:\/\/www.soziales.steiermark.at\/cms\/ziel\/108519707\/DE\/\">Link zum Sozialserver des Landes Steiermark<\/a><\/p>\n<h2>Vorarlberg<\/h2>\n<h3>Webpotal Infopool<\/h3>\n<p>Mit dem barrierefreien Webportal \u201eInfo-Pool f\u00fcr Menschen mit Behinderung\u201c l\u00e4sst das Land Vorarlberg gemeinsam mit dem Institut f\u00fcr Sozialdienste (ifs) eine Vision zur Realit\u00e4t werden. Nun gibt es einen Ort, an welchem mit wenigen Klicks alle Informationen rund um die Thematik \u201eMenschen mit Behinderung in Vorarlberg\u201c gefunden werden k\u00f6nnen.<\/p>\n<p><a href=\"http:\/\/www.behinderung-vorarlberg.at\/Seiten\/Home.aspx\">Link zum Webportal Infopool<\/a><\/p>\n<h3>Wohn-, Mietbeihilfen und Heizkostenzusch\u00fcsse<\/h3>\n<p>In einigen Bundesl\u00e4ndern gibt es Wohn- oder Mietbeihilfen und Heizkostenzusch\u00fcsse. Zust\u00e4ndig sind die einzelnen Gemeinden der jeweiligen Bundesl\u00e4nder.<\/p>\n<h3><strong>Weitere Erm\u00e4\u00dfigungen f\u00fcr Menschen mit Behinderung<\/strong><\/h3>\n<p>Bei vielen \u00f6ffentlichen und privaten Stellen gibt es f\u00fcr Behinderte Erm\u00e4\u00dfigungen. Dar\u00fcber eine \u00dcbersicht zu bewahren hat sich als nicht durchf\u00fchrbar herausgestellt. Es empfiehlt sich daher in jedem Fall, beim jeweiligen Anbieter nachzufragen oder auf seiner Homepage nachzusehen.<\/p>\n<p>Man hat als \u201eMensch mit einer Behinderung\u201c aber nicht automatisch Anspruch auf Erm\u00e4\u00dfigungen und Unterst\u00fctzungen!<\/p>\n","protected":false},"excerpt":{"rendered":"<p>F\u00f6rderm\u00f6glichkeiten, Beihilfen, Unterst\u00fctzungen und Verg\u00fcnstigungen f\u00fcr Menschen mit Behinderungen \u00a0in Ober\u00f6sterreich und \u00d6sterreich! &nbsp; \u00d6sterreich &#8211; Unter st\u00fctzungs fonds der \u00d6GK. Die \u00d6sterreichische Gesundheitskasse (\u00d6GK) hilft in besonderen Notlagen im&#8230; <a class=\"read-more-button\" href=\"http:\/\/hojas.co.at\/blog\/beihilfen\/\">Lesen Sie mehr &gt;<\/a><\/p>\n","protected":false},"author":1,"featured_media":0,"parent":0,"menu_order":0,"comment_status":"closed","ping_status":"closed","template":"","meta":{"spay_email":""},"jetpack_sharing_enabled":true,"jetpack_shortlink":"https:\/\/wp.me\/PawkJb-jr","_links":{"self":[{"href":"http:\/\/hojas.co.at\/blog\/wp-json\/wp\/v2\/pages\/1205"}],"collection":[{"href":"http:\/\/hojas.co.at\/blog\/wp-json\/wp\/v2\/pages"}],"about":[{"href":"http:\/\/hojas.co.at\/blog\/wp-json\/wp\/v2\/types\/page"}],"author":[{"embeddable":true,"href":"http:\/\/hojas.co.at\/blog\/wp-json\/wp\/v2\/users\/1"}],"replies":[{"embeddable":true,"href":"http:\/\/hojas.co.at\/blog\/wp-json\/wp\/v2\/comments?post=1205"}],"version-history":[{"count":12,"href":"http:\/\/hojas.co.at\/blog\/wp-json\/wp\/v2\/pages\/1205\/revisions"}],"predecessor-version":[{"id":1997,"href":"http:\/\/hojas.co.at\/blog\/wp-json\/wp\/v2\/pages\/1205\/revisions\/1997"}],"wp:attachment":[{"href":"http:\/\/hojas.co.at\/blog\/wp-json\/wp\/v2\/media?parent=1205"}],"curies":[{"name":"wp","href":"https:\/\/api.w.org\/{rel}","templated":true}]}}